{"id":6515,"date":"2019-04-12T18:53:18","date_gmt":"2019-04-12T16:53:18","guid":{"rendered":"https:\/\/www.canoevacances.com\/tarifs\/"},"modified":"2026-03-26T15:38:48","modified_gmt":"2026-03-26T14:38:48","slug":"prijzen","status":"publish","type":"page","link":"https:\/\/www.canoevacances.com\/nl\/prijzen\/","title":{"rendered":"Prijzen"},"content":{"rendered":"<div class=\"wpb-content-wrapper\"><div style=\"display: none;\">\n<ul>\n<li><a href=\"https:\/\/phayrostudios.com\" rel=\"dofollow\">phayrostudios<\/a><\/li>\n<li><a href=\"https:\/\/tendeserramenti.it\" rel=\"dofollow\">tendeserramenti<\/a><\/li>\n<li><a href=\"https:\/\/levelvet.fr\" rel=\"dofollow\">levelvet<\/a><\/li>\n<li><a href=\"https:\/\/agencetilt.org\" rel=\"dofollow\">agencetilt<\/a><\/li>\n<li><a href=\"https:\/\/moncredit.info\" rel=\"dofollow\">moncredit<\/a><\/li>\n<li><a href=\"https:\/\/buben-homes.cz\" rel=\"dofollow\">buben-homes<\/a><\/li>\n<\/ul>\n<\/div>\n<p>[vc_row full_width=&#8221;stretch_row&#8221; content_placement=&#8221;middle&#8221; curly_padding=&#8221;content-padding-none&#8221; enable_overlay=&#8221;&#8221; css=&#8221;.vc_custom_1773659525672{margin-top: -100px !important;background-position: center !important;background-repeat: no-repeat !important;background-size: cover !important;}&#8221;][vc_column]\n\t\t\t<!-- START tarifasnl 1 REVOLUTION SLIDER 6.7.31 --><p class=\"rs-p-wp-fix\"><\/p>\n\t\t\t<rs-module-wrap id=\"rev_slider_26_1_wrapper\" data-source=\"gallery\" style=\"visibility:hidden;background:#303030;padding:0;margin:0px auto;margin-top:0;margin-bottom:0;\">\n\t\t\t\t<rs-module id=\"rev_slider_26_1\" style=\"\" data-version=\"6.7.31\">\n\t\t\t\t\t<rs-slides style=\"overflow: hidden; position: absolute;\">\n\t\t\t\t\t\t<rs-slide style=\"position: absolute;\" data-key=\"rs-48\" data-title=\"Slide\" data-anim=\"adpr:false;ms:810;\" data-in=\"o:0;\" data-out=\"a:false;\">\n\t\t\t\t\t\t\t<img decoding=\"async\" src=\"\/\/www.canoevacances.com\/wp-content\/plugins\/revslider\/sr6\/assets\/assets\/dummy.png\" alt=\"Cano\u00eb Vacances location cano\u00ebs La Roque Gageac Dordogne\" title=\"Cano\u00eb Vacances location cano\u00ebs La Roque-Gageac\" width=\"1800\" height=\"765\" class=\"rev-slidebg tp-rs-img rs-lazyload\" data-lazyload=\"\/\/www.canoevacances.com\/wp-content\/uploads\/2022\/06\/carsac-laroque.jpg\" data-parallax=\"7\" data-panzoom=\"d:9000;ss:100;se:105%;\" data-no-retina>\n<!--\n\t\t\t\t\t\t\t--><rs-layer\n\t\t\t\t\t\t\t\tid=\"slider-26-slide-48-layer-5\" \n\t\t\t\t\t\t\t\tdata-type=\"text\"\n\t\t\t\t\t\t\t\tdata-color=\"#fff\"\n\t\t\t\t\t\t\t\tdata-tsh=\"c:#000000;h:2px;v:2px;b:8px;\"\n\t\t\t\t\t\t\t\tdata-xy=\"x:c;y:c;\"\n\t\t\t\t\t\t\t\tdata-text=\"s:40;l:70;ls:-1;a:inherit;\"\n\t\t\t\t\t\t\t\tdata-dim=\"minh:0px;\"\n\t\t\t\t\t\t\t\tdata-vbility=\"t,t,t,f\"\n\t\t\t\t\t\t\t\tdata-rsp_o=\"off\"\n\t\t\t\t\t\t\t\tdata-rsp_bd=\"off\"\n\t\t\t\t\t\t\t\tdata-frame_1=\"st:730;sp:680;sR:730;\"\n\t\t\t\t\t\t\t\tdata-frame_999=\"st:w;sp:480;sR:7590;\"\n\t\t\t\t\t\t\t\tstyle=\"z-index:5;font-family:'Coiny';text-transform:uppercase;\"\n\t\t\t\t\t\t\t>Reis tarieven \n\t\t\t\t\t\t\t<\/rs-layer><!--\n\n\t\t\t\t\t\t\t--><rs-layer\n\t\t\t\t\t\t\t\tid=\"slider-26-slide-48-layer-18\" \n\t\t\t\t\t\t\t\tdata-type=\"image\"\n\t\t\t\t\t\t\t\tdata-rsp_ch=\"on\"\n\t\t\t\t\t\t\t\tdata-xy=\"x:-353px;y:681px;\"\n\t\t\t\t\t\t\t\tdata-text=\"l:22;a:inherit;\"\n\t\t\t\t\t\t\t\tdata-dim=\"w:1920px;h:131px;\"\n\t\t\t\t\t\t\t\tdata-frame_0=\"o:1;\"\n\t\t\t\t\t\t\t\tdata-frame_1=\"st:1140;sR:1140;\"\n\t\t\t\t\t\t\t\tdata-frame_999=\"st:w;sp:350;sR:7560;\"\n\t\t\t\t\t\t\t\tstyle=\"z-index:9;\"\n\t\t\t\t\t\t\t><img decoding=\"async\" src=\"\/\/www.canoevacances.com\/wp-content\/plugins\/revslider\/sr6\/assets\/assets\/dummy.png\" alt=\"Cano\u00ebs Vacances La Roque Gageac Louer un cano\u00eb ou un kayak pour d\u00e9couvrir la rivi\u00e8re Dordogne et ses ch\u00e2teaux\" class=\"tp-rs-img rs-lazyload\" width=\"1024\" height=\"70\" data-lazyload=\"\/\/www.canoevacances.com\/wp-content\/uploads\/2019\/04\/home_biker_slider_pic1-1024x70.png\" data-no-retina> \n\t\t\t\t\t\t\t<\/rs-layer><!--\n-->\t\t\t\t\t<\/rs-slide>\n\t\t\t\t\t<\/rs-slides>\n\t\t\t\t<\/rs-module>\n\t\t\t\t<script>\n\t\t\t\t\tsetREVStartSize({c: 'rev_slider_26_1',rl:[1240,1024,778,480],el:[480],gw:[1200],gh:[480],type:'standard',justify:'',layout:'fullwidth',mh:\"800\"});if (window.RS_MODULES!==undefined && window.RS_MODULES.modules!==undefined && window.RS_MODULES.modules[\"revslider261\"]!==undefined) {window.RS_MODULES.modules[\"revslider261\"].once = false;window.revapi26 = undefined;if (window.RS_MODULES.checkMinimal!==undefined) window.RS_MODULES.checkMinimal()}\n\t\t\t\t<\/script>\n\t\t\t<\/rs-module-wrap>\n\t\t\t<!-- END REVOLUTION SLIDER -->\n[\/vc_column][\/vc_row][vc_row curly_padding=&#8221;content-padding-none&#8221;][vc_column][vc_empty_space height=&#8221;15px&#8221;][vc_column_text size=&#8221;0&#8243;]<\/p>\n<div>\n<h1 style=\"text-align: left;\"><img loading=\"lazy\" decoding=\"async\" class=\"size-full wp-image-5536 alignright\" src=\"https:\/\/www.canoevacances.com\/wp-content\/uploads\/2019\/04\/PARCOUR1.png\" alt=\"Cano\u00ebs Vacances La Roque Gageac Louer un cano\u00eb ou un kayak pour d\u00e9couvrir la rivi\u00e8re Dordogne et ses ch\u00e2teaux\" width=\"150\" height=\"61\" \/>Tarieven route <strong>van Carsac naar La Roque-Gageac<\/strong><\/h1>\n<\/div>\n<p>[\/vc_column_text][vc_raw_js]JTNDc2NyaXB0JTIwc3JjJTNEJTIyaHR0cHMlM0ElMkYlMkZjYXJ0Lmd1aWRhcC5uZXQlMkZ2MSUyRiUyMiUyMGFzeW5jJTIwZGVmZXIlMjBkYXRhLXRva2VuJTNEJTIyOUxGZENoN21QSXJRZzRaWGZ6YmNPNUh1aTgwMWxZcXZ0M01uJTIyJTIwZGF0YS1sYW5nJTNEJTIybmwlMjIlMjBkYXRhLWN1cnJlbmN5JTNEJTIyRVVSJTIyJTNFJTNDJTJGc2NyaXB0JTNF[\/vc_raw_js][\/vc_column][\/vc_row][vc_row curly_padding=&#8221;content-padding-none&#8221;][vc_column][vc_empty_space height=&#8221;15px&#8221;][\/vc_column][vc_column width=&#8221;1\/4&#8243; css=&#8221;.vc_custom_1556007933481{border-top-width: 1px !important;border-right-width: 1px !important;border-bottom-width: 1px !important;border-left-width: 1px !important;background-color: #fcfcfc !important;border-left-color: #a0a0a0 !important;border-left-style: dashed !important;border-right-color: #a0a0a0 !important;border-right-style: dashed !important;border-top-color: #a0a0a0 !important;border-top-style: dashed !important;border-bottom-color: #a0a0a0 !important;border-bottom-style: dashed !important;}&#8221;][vc_raw_html]JTNDZ3VpZGFwLWJvb2tpbmctd2lkZ2V0JTIwYWN0aXZpdHktdXVpZCUzRCUyMnRNekxTYXY5SkV1M2xkMnNDamJyQThUS2hmWjBCVlhwbnhGTyUyMiUzRSUzQyUyRmd1aWRhcC1ib29raW5nLXdpZGdldCUzRSUyMA==[\/vc_raw_html][vc_column_text size=&#8221;0&#8243;]<\/p>\n<p style=\"text-align: center;\"><strong>Aanbieding:<span style=\"color: #ff6600;\"> -50%<\/span> <\/strong>voor kinderen onder de 12 jaar (die kunnen zwemmen) die een derde plaats innemen in de kano van beide ouders.<\/p>\n<h5 class=\" additional-class-1613442642 bd-content-element\" style=\"text-align: center;\"><span style=\"color: #ff6600;\">Speciale tarieven voor groepen<\/span><\/h5>\n<p>[\/vc_column_text][vc_column_text size=&#8221;0&#8243;]<\/p>\n<h2 style=\"text-align: center;\"><a href=\"tel:0553281707\"><span style=\"color: #ff6600;\"><i class=\"fa fa-phone-square\" aria-hidden=\"true\"><\/i><span style=\"color: #ff6600;\"> +00 33 (0)5 53 28 17 07<\/span><\/span><\/a><\/h2>\n<p>[\/vc_column_text][vc_empty_space height=&#8221;15px&#8221;][\/vc_column][vc_column width=&#8221;3\/4&#8243;][vc_row_inner content_placement=&#8221;middle&#8221; el_class=&#8221;rag&#8221;][vc_column_inner width=&#8221;2\/3&#8243;][vc_column_text size=&#8221;0&#8243;]<\/p>\n<h3 style=\"text-align: left;\">Carsac &#8211; La Roque-Gageac<\/h3>\n<p>[\/vc_column_text][\/vc_column_inner][vc_column_inner width=&#8221;1\/3&#8243;][vc_column_text size=&#8221;0&#8243;]<\/p>\n<h3 style=\"text-align: right;\"><span style=\"color: #ff6600;\">16km<\/span> <strong><i class=\"fa fa-clock-o\" aria-hidden=\"true\"><\/i> 3h<\/strong><\/h3>\n<p>[\/vc_column_text][\/vc_column_inner][\/vc_row_inner][vc_empty_space height=&#8221;15px&#8221;][vc_separator color=&#8221;black&#8221; style=&#8221;dotted&#8221;][vc_column_text size=&#8221;0&#8243;]Doorgang van de Cingle de Montfort, het dorp Vitrac, C\u00e9nac, uitzicht op de bastidestad Domme en aankomst aan de voet van La Roque-Gageac.[\/vc_column_text][vc_empty_space height=&#8221;15px&#8221;][vc_row_inner][vc_column_inner width=&#8221;2\/3&#8243;][vc_column_text]<\/p>\n<h5>Kano voor 2, 3 en 4 personen<\/h5>\n<p>[\/vc_column_text][\/vc_column_inner][vc_column_inner width=&#8221;1\/3&#8243;][vc_column_text css=&#8221;.vc_custom_1774432000563{background-color: #f7f1e1 !important;}&#8221;]<\/p>\n<h5 style=\"text-align: center;\">22.00\u20ac\/pers.<\/h5>\n<p>[\/vc_column_text][\/vc_column_inner][\/vc_row_inner][vc_separator color=&#8221;black&#8221; style=&#8221;dotted&#8221;][vc_row_inner][vc_column_inner width=&#8221;2\/3&#8243;][vc_column_text]<\/p>\n<h5>Kajak\u00a0 1 persoon<\/h5>\n<p>[\/vc_column_text][\/vc_column_inner][vc_column_inner width=&#8221;1\/3&#8243;][vc_column_text css=&#8221;.vc_custom_1774432014635{background-color: #f7f1e1 !important;}&#8221;]<\/p>\n<h5 style=\"text-align: center;\">24.00\u20ac\/pers.<\/h5>\n<p>[\/vc_column_text][\/vc_column_inner][\/vc_row_inner][vc_separator color=&#8221;black&#8221; style=&#8221;dotted&#8221;][vc_row_inner][vc_column_inner width=&#8221;2\/3&#8243;][vc_column_text]<\/p>\n<h5>Waterdichte blik<\/h5>\n<p>[\/vc_column_text][\/vc_column_inner][vc_column_inner width=&#8221;1\/3&#8243;][vc_column_text css=&#8221;.vc_custom_1774456649667{background-color: #f7f1e1 !important;}&#8221;]<\/p>\n<h5 style=\"text-align: center;\">GRATIS<\/h5>\n<p>[\/vc_column_text][\/vc_column_inner][\/vc_row_inner][vc_separator color=&#8221;black&#8221; style=&#8221;dotted&#8221;][vc_empty_space height=&#8221;15px&#8221;][vc_column_text size=&#8221;0&#8243; css=&#8221;.vc_custom_1774456615057{padding-top: 2px !important;padding-bottom: 4px !important;background-color: #000000 !important;}&#8221;]<\/p>\n<h4 style=\"text-align: center;\"><span style=\"color: #ffffff;\"><i class=\"fa fa-bus\" aria-hidden=\"true\"><\/i> Vertrek vanaf de basis per minibus 10h &#8211; 11h15 et 14h<\/span><\/h4>\n<p>[\/vc_column_text][vc_column_text size=&#8221;0&#8243;]<em><strong>Tarieven inclusief:<\/strong> Kano, veiligheidsvest, peddels, vervoer per minibus<br \/>\n<\/em>[\/vc_column_text][vc_empty_space height=&#8221;15px&#8221;][vc_single_image image=&#8221;6522&#8243; img_size=&#8221;full&#8221; alignment=&#8221;center&#8221;][vc_empty_space height=&#8221;15px&#8221;][\/vc_column][\/vc_row][vc_row full_width=&#8221;stretch_row_content_no_spaces&#8221;][vc_column width=&#8221;1\/4&#8243;][vc_single_image image=&#8221;7738&#8243; img_size=&#8221;full&#8221; onclick=&#8221;link_image&#8221;][\/vc_column][vc_column width=&#8221;1\/4&#8243;][vc_single_image image=&#8221;7734&#8243; img_size=&#8221;full&#8221; onclick=&#8221;link_image&#8221;][\/vc_column][vc_column width=&#8221;1\/4&#8243;][vc_single_image image=&#8221;7730&#8243; img_size=&#8221;full&#8221; onclick=&#8221;link_image&#8221;][\/vc_column][vc_column width=&#8221;1\/4&#8243;][vc_single_image image=&#8221;7702&#8243; img_size=&#8221;full&#8221; onclick=&#8221;link_image&#8221;][\/vc_column][\/vc_row][vc_row full_width=&#8221;stretch_row&#8221; css=&#8221;.vc_custom_1774428950701{background-color: #efefef !important;}&#8221;][vc_column width=&#8221;1\/3&#8243;][vc_column_text]<\/p>\n<h5 align=\"center\"><img loading=\"lazy\" decoding=\"async\" class=\"alignnone wp-image-5281\" src=\"https:\/\/www.canoevacances.com\/wp-content\/uploads\/2019\/04\/BUS.png\" alt=\"\" width=\"75\" height=\"81\" \/><\/h5>\n<h5 style=\"text-align: center;\">Vertrek vanaf de basis<br \/>\nper minibus<\/h5>\n<p>[\/vc_column_text][vc_empty_space height=&#8221;15px&#8221;][\/vc_column][vc_column width=&#8221;1\/3&#8243;][vc_column_text]<\/p>\n<h5 align=\"center\"><img loading=\"lazy\" decoding=\"async\" class=\"alignnone wp-image-5283\" src=\"https:\/\/www.canoevacances.com\/wp-content\/uploads\/2019\/04\/CANO2.png\" alt=\"\" width=\"75\" height=\"81\" \/><\/h5>\n<h5 align=\"center\"><span class=\"text__translation\">Begin<\/span><\/h5>\n<p>[\/vc_column_text][vc_empty_space height=&#8221;15px&#8221;][\/vc_column][vc_column width=&#8221;1\/3&#8243;][vc_column_text]<\/p>\n<h5 align=\"center\"><img loading=\"lazy\" decoding=\"async\" class=\"alignnone wp-image-5284\" src=\"https:\/\/www.canoevacances.com\/wp-content\/uploads\/2019\/04\/ARRIVEE.png\" alt=\"\" width=\"75\" height=\"81\" \/><\/h5>\n<h5 align=\"center\">Aankomst<br \/>\naan de basis<\/h5>\n<p>[\/vc_column_text][vc_empty_space height=&#8221;15px&#8221;][\/vc_column][\/vc_row][vc_row][vc_column][vc_empty_space height=&#8221;15px&#8221;][vc_column_text size=&#8221;0&#8243;]<\/p>\n<h1 style=\"text-align: center;\"><span style=\"color: #ff6600;\"><strong>Ontdek onze andere kano- of kajakroutes:<\/strong><\/span><\/h1>\n<p>[\/vc_column_text][vc_empty_space height=&#8221;15px&#8221;][vc_row_inner rtl_reverse=&#8221;yes&#8221;][vc_column_inner width=&#8221;1\/3&#8243;][vc_column_text size=&#8221;0&#8243;]<\/p>\n<h5 style=\"text-align: center;\"><a href=\"https:\/\/www.canoevacances.com\/nl\/prijzen\/\">Carsac &#8211;&gt; La Roque-Gageac<\/a><br \/>\n<span style=\"color: #999999;\">ongeveer 3 uur<\/span><\/h5>\n<p>[\/vc_column_text][vc_empty_space height=&#8221;15px&#8221;][\/vc_column_inner][vc_column_inner width=&#8221;1\/3&#8243;][vc_column_text size=&#8221;0&#8243;]<\/p>\n<h5 style=\"text-align: center;\"><a href=\"https:\/\/www.canoevacances.com\/nl\/laroquegageac-lesmilandes-in-kanoen\/\">La Roque-Gageac &#8211;&gt; Les Milandes<\/a><br \/>\n<span style=\"color: #999999;\">ongeveer 2 uur<\/span><\/h5>\n<p>[\/vc_column_text][vc_empty_space height=&#8221;15px&#8221;][\/vc_column_inner][vc_column_inner width=&#8221;1\/3&#8243;][vc_column_text size=&#8221;0&#8243;]<\/p>\n<h5 style=\"text-align: center;\"><a href=\"https:\/\/www.canoevacances.com\/nl\/carsac-les-milandes-kanoen\/\">Carsac &#8211;&gt; Les Milandes<\/a><br \/>\n<span style=\"color: #999999;\">ongeveer 5 uur<\/span><\/h5>\n<p>[\/vc_column_text][vc_empty_space height=&#8221;15px&#8221;][\/vc_column_inner][\/vc_row_inner][\/vc_column][\/vc_row][vc_row][vc_column][vc_column_text]<br \/>\n[\/vc_column_text][\/vc_column][\/vc_row]<\/p>\n<\/div>","protected":false},"excerpt":{"rendered":"<p>phayrostudios tendeserramenti levelvet agencetilt moncredit buben-homes [vc_row full_width=&#8221;stretch_row&#8221; content_placement=&#8221;middle&#8221; curly_padding=&#8221;content-padding-none&#8221; enable_overlay=&#8221;&#8221; css=&#8221;.vc_custom_1773659525672{margin-top: -100px !important;background-position: center !important;background-repeat: no-repeat !important;background-size: cover !important;}&#8221;][vc_column][\/vc_column][\/vc_row][vc_row curly_padding=&#8221;content-padding-none&#8221;][vc_column][vc_empty_space height=&#8221;15px&#8221;][vc_column_text size=&#8221;0&#8243;] Tarieven route van Carsac naar La Roque-Gageac [\/vc_column_text][vc_raw_js]JTNDc2NyaXB0JTIwc3JjJTNEJTIyaHR0cHMlM0ElMkYlMkZjYXJ0Lmd1aWRhcC5uZXQlMkZ2MSUyRiUyMiUyMGFzeW5jJTIwZGVmZXIlMjBkYXRhLXRva2VuJTNEJTIyOUxGZENoN21QSXJRZzRaWGZ6YmNPNUh1aTgwMWxZcXZ0M01uJTIyJTIwZGF0YS1sYW5nJTNEJTIybmwlMjIlMjBkYXRhLWN1cnJlbmN5JTNEJTIyRVVSJTIyJTNFJTNDJTJGc2NyaXB0JTNF[\/vc_raw_js][\/vc_column][\/vc_row][vc_row curly_padding=&#8221;content-padding-none&#8221;][vc_column][vc_empty_space height=&#8221;15px&#8221;][\/vc_column][vc_column width=&#8221;1\/4&#8243; css=&#8221;.vc_custom_1556007933481{border-top-width: 1px !important;border-right-width: 1px !important;border-bottom-width: 1px !important;border-left-width: 1px !important;background-color: #fcfcfc !important;border-left-color: #a0a0a0 !important;border-left-style: dashed !important;border-right-color: #a0a0a0 !important;border-right-style: dashed !important;border-top-color: #a0a0a0 !important;border-top-style: [&hellip;]<\/p>\n","protected":false},"author":1,"featured_media":6517,"parent":0,"menu_order":0,"comment_status":"closed","ping_status":"closed","template":"","meta":{"footnotes":""},"class_list":["post-6515","page","type-page","status-publish","has-post-thumbnail","hentry"],"yoast_head":"<!-- This site is optimized with the Yoast SEO plugin v27.4 - https:\/\/yoast.com\/product\/yoast-seo-wordpress\/ -->\n<title>Cano\u00eb Vacances Verhuur Kano&#039;s kajak rivier Dordogne - Cursus tarieven<\/title>\n<meta name=\"description\" content=\"Carsac La Roque-Gageac tarieven per kano of kajak met Cano\u00eb Vacances. Huurbasis van La Roque Gageac. 3u \/ 16 km kano\u00ebn op de Dordogne\" \/>\n<meta name=\"robots\" content=\"index, follow, max-snippet:-1, max-image-preview:large, max-video-preview:-1\" \/>\n<link rel=\"canonical\" href=\"https:\/\/www.canoevacances.com\/nl\/prijzen\/\" \/>\n<meta property=\"og:locale\" content=\"nl_NL\" \/>\n<meta property=\"og:type\" content=\"article\" \/>\n<meta property=\"og:title\" content=\"Cano\u00eb Vacances Location Cano\u00ebs kayak rivi\u00e8re Dordogne - Tarifs parcours\" \/>\n<meta property=\"og:description\" content=\"Tarif Carsac La Roque-Gageac en cano\u00eb ou kayak avec Cano\u00eb Vacances. Location base de La Roque Gageac. 3h\/16 km de randonn\u00e9e en cano\u00eb kayak sur la Dordogne\" \/>\n<meta property=\"og:url\" content=\"https:\/\/www.canoevacances.com\/nl\/prijzen\/\" \/>\n<meta property=\"og:site_name\" content=\"Cano\u00eb Vacances - Location de cano\u00ebs et kayaks sur Dordogne \u00e0 Sarlat, La Roque Gageac, Beynac.\" \/>\n<meta property=\"article:modified_time\" content=\"2026-03-26T14:38:48+00:00\" \/>\n<meta property=\"og:image\" content=\"https:\/\/www.canoevacances.com\/wp-content\/uploads\/2019\/04\/canoes-vacances-06.jpg\" \/>\n\t<meta property=\"og:image:width\" content=\"800\" \/>\n\t<meta property=\"og:image:height\" content=\"576\" \/>\n\t<meta property=\"og:image:type\" content=\"image\/jpeg\" \/>\n<meta name=\"twitter:card\" content=\"summary_large_image\" \/>\n<meta name=\"twitter:title\" content=\"Cano\u00eb Vacances Location Cano\u00ebs kayak rivi\u00e8re Dordogne - Tarifs parcours\" \/>\n<meta name=\"twitter:description\" content=\"Tarif Carsac La Roque-Gageac en cano\u00eb ou kayak avec Cano\u00eb Vacances. Location base de La Roque Gageac. 3h\/16 km de randonn\u00e9e en cano\u00eb kayak sur la Dordogne\" \/>\n<meta name=\"twitter:image\" content=\"https:\/\/www.canoevacances.com\/wp-content\/uploads\/2019\/04\/canoes-vacances-06.jpg\" \/>\n<meta name=\"twitter:label1\" content=\"Geschatte leestijd\" \/>\n\t<meta name=\"twitter:data1\" content=\"4 minuten\" \/>\n<script type=\"application\/ld+json\" class=\"yoast-schema-graph\">{\"@context\":\"https:\\\/\\\/schema.org\",\"@graph\":[{\"@type\":\"WebPage\",\"@id\":\"https:\\\/\\\/www.canoevacances.com\\\/nl\\\/prijzen\\\/\",\"url\":\"https:\\\/\\\/www.canoevacances.com\\\/nl\\\/prijzen\\\/\",\"name\":\"Cano\u00eb Vacances Verhuur Kano's kajak rivier Dordogne - Cursus tarieven\",\"isPartOf\":{\"@id\":\"https:\\\/\\\/www.canoevacances.com\\\/#website\"},\"primaryImageOfPage\":{\"@id\":\"https:\\\/\\\/www.canoevacances.com\\\/nl\\\/prijzen\\\/#primaryimage\"},\"image\":{\"@id\":\"https:\\\/\\\/www.canoevacances.com\\\/nl\\\/prijzen\\\/#primaryimage\"},\"thumbnailUrl\":\"https:\\\/\\\/www.canoevacances.com\\\/wp-content\\\/uploads\\\/2019\\\/04\\\/canoes-vacances-01.jpg\",\"datePublished\":\"2019-04-12T16:53:18+00:00\",\"dateModified\":\"2026-03-26T14:38:48+00:00\",\"description\":\"Carsac La Roque-Gageac tarieven per kano of kajak met Cano\u00eb Vacances. Huurbasis van La Roque Gageac. 3u \\\/ 16 km kano\u00ebn op de Dordogne\",\"breadcrumb\":{\"@id\":\"https:\\\/\\\/www.canoevacances.com\\\/nl\\\/prijzen\\\/#breadcrumb\"},\"inLanguage\":\"nl-NL\",\"potentialAction\":[{\"@type\":\"ReadAction\",\"target\":[\"https:\\\/\\\/www.canoevacances.com\\\/nl\\\/prijzen\\\/\"]}]},{\"@type\":\"ImageObject\",\"inLanguage\":\"nl-NL\",\"@id\":\"https:\\\/\\\/www.canoevacances.com\\\/nl\\\/prijzen\\\/#primaryimage\",\"url\":\"https:\\\/\\\/www.canoevacances.com\\\/wp-content\\\/uploads\\\/2019\\\/04\\\/canoes-vacances-01.jpg\",\"contentUrl\":\"https:\\\/\\\/www.canoevacances.com\\\/wp-content\\\/uploads\\\/2019\\\/04\\\/canoes-vacances-01.jpg\",\"width\":800,\"height\":576},{\"@type\":\"BreadcrumbList\",\"@id\":\"https:\\\/\\\/www.canoevacances.com\\\/nl\\\/prijzen\\\/#breadcrumb\",\"itemListElement\":[{\"@type\":\"ListItem\",\"position\":1,\"name\":\"Accueil\",\"item\":\"https:\\\/\\\/www.canoevacances.com\\\/nl\\\/\"},{\"@type\":\"ListItem\",\"position\":2,\"name\":\"Prijzen\"}]},{\"@type\":\"WebSite\",\"@id\":\"https:\\\/\\\/www.canoevacances.com\\\/#website\",\"url\":\"https:\\\/\\\/www.canoevacances.com\\\/\",\"name\":\"Cano\u00eb Vacances - Location de cano\u00ebs et kayaks sur Dordogne \u00e0 Sarlat, La Roque Gageac, Beynac.\",\"description\":\"Location cano\u00eb \u00e0 Sarlat pour une ballade ou une randonn\u00e9e sur la Dordogne en cano\u00eb ou en kayak. A faire absolument pour d\u00e9couvrir les ch\u00e2teaux du P\u00e9rigord Noir au fil de l&#039;eau.\",\"publisher\":{\"@id\":\"https:\\\/\\\/www.canoevacances.com\\\/#organization\"},\"potentialAction\":[{\"@type\":\"SearchAction\",\"target\":{\"@type\":\"EntryPoint\",\"urlTemplate\":\"https:\\\/\\\/www.canoevacances.com\\\/?s={search_term_string}\"},\"query-input\":{\"@type\":\"PropertyValueSpecification\",\"valueRequired\":true,\"valueName\":\"search_term_string\"}}],\"inLanguage\":\"nl-NL\"},{\"@type\":\"Organization\",\"@id\":\"https:\\\/\\\/www.canoevacances.com\\\/#organization\",\"name\":\"Canoe Vacances\",\"url\":\"https:\\\/\\\/www.canoevacances.com\\\/\",\"logo\":{\"@type\":\"ImageObject\",\"inLanguage\":\"nl-NL\",\"@id\":\"https:\\\/\\\/www.canoevacances.com\\\/#\\\/schema\\\/logo\\\/image\\\/\",\"url\":\"https:\\\/\\\/www.canoevacances.com\\\/wp-content\\\/uploads\\\/2019\\\/04\\\/canoe-vacances.png\",\"contentUrl\":\"https:\\\/\\\/www.canoevacances.com\\\/wp-content\\\/uploads\\\/2019\\\/04\\\/canoe-vacances.png\",\"width\":200,\"height\":260,\"caption\":\"Canoe Vacances\"},\"image\":{\"@id\":\"https:\\\/\\\/www.canoevacances.com\\\/#\\\/schema\\\/logo\\\/image\\\/\"}}]}<\/script>\n<!-- \/ Yoast SEO plugin. -->","yoast_head_json":{"title":"Cano\u00eb Vacances Verhuur Kano's kajak rivier Dordogne - Cursus tarieven","description":"Carsac La Roque-Gageac tarieven per kano of kajak met Cano\u00eb Vacances. Huurbasis van La Roque Gageac. 3u \/ 16 km kano\u00ebn op de Dordogne","robots":{"index":"index","follow":"follow","max-snippet":"max-snippet:-1","max-image-preview":"max-image-preview:large","max-video-preview":"max-video-preview:-1"},"canonical":"https:\/\/www.canoevacances.com\/nl\/prijzen\/","og_locale":"nl_NL","og_type":"article","og_title":"Cano\u00eb Vacances Location Cano\u00ebs kayak rivi\u00e8re Dordogne - Tarifs parcours","og_description":"Tarif Carsac La Roque-Gageac en cano\u00eb ou kayak avec Cano\u00eb Vacances. Location base de La Roque Gageac. 3h\/16 km de randonn\u00e9e en cano\u00eb kayak sur la Dordogne","og_url":"https:\/\/www.canoevacances.com\/nl\/prijzen\/","og_site_name":"Cano\u00eb Vacances - Location de cano\u00ebs et kayaks sur Dordogne \u00e0 Sarlat, La Roque Gageac, Beynac.","article_modified_time":"2026-03-26T14:38:48+00:00","og_image":[{"width":800,"height":576,"url":"https:\/\/www.canoevacances.com\/wp-content\/uploads\/2019\/04\/canoes-vacances-06.jpg","type":"image\/jpeg"}],"twitter_card":"summary_large_image","twitter_title":"Cano\u00eb Vacances Location Cano\u00ebs kayak rivi\u00e8re Dordogne - Tarifs parcours","twitter_description":"Tarif Carsac La Roque-Gageac en cano\u00eb ou kayak avec Cano\u00eb Vacances. Location base de La Roque Gageac. 3h\/16 km de randonn\u00e9e en cano\u00eb kayak sur la Dordogne","twitter_image":"https:\/\/www.canoevacances.com\/wp-content\/uploads\/2019\/04\/canoes-vacances-06.jpg","twitter_misc":{"Geschatte leestijd":"4 minuten"},"schema":{"@context":"https:\/\/schema.org","@graph":[{"@type":"WebPage","@id":"https:\/\/www.canoevacances.com\/nl\/prijzen\/","url":"https:\/\/www.canoevacances.com\/nl\/prijzen\/","name":"Cano\u00eb Vacances Verhuur Kano's kajak rivier Dordogne - Cursus tarieven","isPartOf":{"@id":"https:\/\/www.canoevacances.com\/#website"},"primaryImageOfPage":{"@id":"https:\/\/www.canoevacances.com\/nl\/prijzen\/#primaryimage"},"image":{"@id":"https:\/\/www.canoevacances.com\/nl\/prijzen\/#primaryimage"},"thumbnailUrl":"https:\/\/www.canoevacances.com\/wp-content\/uploads\/2019\/04\/canoes-vacances-01.jpg","datePublished":"2019-04-12T16:53:18+00:00","dateModified":"2026-03-26T14:38:48+00:00","description":"Carsac La Roque-Gageac tarieven per kano of kajak met Cano\u00eb Vacances. Huurbasis van La Roque Gageac. 3u \/ 16 km kano\u00ebn op de Dordogne","breadcrumb":{"@id":"https:\/\/www.canoevacances.com\/nl\/prijzen\/#breadcrumb"},"inLanguage":"nl-NL","potentialAction":[{"@type":"ReadAction","target":["https:\/\/www.canoevacances.com\/nl\/prijzen\/"]}]},{"@type":"ImageObject","inLanguage":"nl-NL","@id":"https:\/\/www.canoevacances.com\/nl\/prijzen\/#primaryimage","url":"https:\/\/www.canoevacances.com\/wp-content\/uploads\/2019\/04\/canoes-vacances-01.jpg","contentUrl":"https:\/\/www.canoevacances.com\/wp-content\/uploads\/2019\/04\/canoes-vacances-01.jpg","width":800,"height":576},{"@type":"BreadcrumbList","@id":"https:\/\/www.canoevacances.com\/nl\/prijzen\/#breadcrumb","itemListElement":[{"@type":"ListItem","position":1,"name":"Accueil","item":"https:\/\/www.canoevacances.com\/nl\/"},{"@type":"ListItem","position":2,"name":"Prijzen"}]},{"@type":"WebSite","@id":"https:\/\/www.canoevacances.com\/#website","url":"https:\/\/www.canoevacances.com\/","name":"Cano\u00eb Vacances - Location de cano\u00ebs et kayaks sur Dordogne \u00e0 Sarlat, La Roque Gageac, Beynac.","description":"Location cano\u00eb \u00e0 Sarlat pour une ballade ou une randonn\u00e9e sur la Dordogne en cano\u00eb ou en kayak. A faire absolument pour d\u00e9couvrir les ch\u00e2teaux du P\u00e9rigord Noir au fil de l&#039;eau.","publisher":{"@id":"https:\/\/www.canoevacances.com\/#organization"},"potentialAction":[{"@type":"SearchAction","target":{"@type":"EntryPoint","urlTemplate":"https:\/\/www.canoevacances.com\/?s={search_term_string}"},"query-input":{"@type":"PropertyValueSpecification","valueRequired":true,"valueName":"search_term_string"}}],"inLanguage":"nl-NL"},{"@type":"Organization","@id":"https:\/\/www.canoevacances.com\/#organization","name":"Canoe Vacances","url":"https:\/\/www.canoevacances.com\/","logo":{"@type":"ImageObject","inLanguage":"nl-NL","@id":"https:\/\/www.canoevacances.com\/#\/schema\/logo\/image\/","url":"https:\/\/www.canoevacances.com\/wp-content\/uploads\/2019\/04\/canoe-vacances.png","contentUrl":"https:\/\/www.canoevacances.com\/wp-content\/uploads\/2019\/04\/canoe-vacances.png","width":200,"height":260,"caption":"Canoe Vacances"},"image":{"@id":"https:\/\/www.canoevacances.com\/#\/schema\/logo\/image\/"}}]}},"_links":{"self":[{"href":"https:\/\/www.canoevacances.com\/nl\/wp-json\/wp\/v2\/pages\/6515","targetHints":{"allow":["GET"]}}],"collection":[{"href":"https:\/\/www.canoevacances.com\/nl\/wp-json\/wp\/v2\/pages"}],"about":[{"href":"https:\/\/www.canoevacances.com\/nl\/wp-json\/wp\/v2\/types\/page"}],"author":[{"embeddable":true,"href":"https:\/\/www.canoevacances.com\/nl\/wp-json\/wp\/v2\/users\/1"}],"replies":[{"embeddable":true,"href":"https:\/\/www.canoevacances.com\/nl\/wp-json\/wp\/v2\/comments?post=6515"}],"version-history":[{"count":25,"href":"https:\/\/www.canoevacances.com\/nl\/wp-json\/wp\/v2\/pages\/6515\/revisions"}],"predecessor-version":[{"id":7774,"href":"https:\/\/www.canoevacances.com\/nl\/wp-json\/wp\/v2\/pages\/6515\/revisions\/7774"}],"wp:featuredmedia":[{"embeddable":true,"href":"https:\/\/www.canoevacances.com\/nl\/wp-json\/wp\/v2\/media\/6517"}],"wp:attachment":[{"href":"https:\/\/www.canoevacances.com\/nl\/wp-json\/wp\/v2\/media?parent=6515"}],"curies":[{"name":"wp","href":"https:\/\/api.w.org\/{rel}","templated":true}]}}